{"id":69,"date":"2018-07-25T14:39:06","date_gmt":"2018-07-25T14:39:06","guid":{"rendered":"https:\/\/kultur.imdialog.net\/?page_id=69"},"modified":"2024-06-12T15:38:43","modified_gmt":"2024-06-12T13:38:43","slug":"kinder-und-jugendreihe","status":"publish","type":"page","link":"https:\/\/veranstaltungsring.de\/vw\/kinder-und-jugendreihe\/","title":{"rendered":"Kinder- und Jugendreihe"},"content":{"rendered":"<p><strong>Angebote f\u00fcr Schulen:<\/strong><\/p>\n<p>Kinder- und Jugendtheaterst\u00fccke passend zu Ihrem Lehrstoff. Theaterp\u00e4dagogische Vor- und Nachbereitung.<\/p>\n<p>Das VRM-B\u00fcro bietet an, gemeinsam mit Klassenlehrern oder Beauftragten der Schulen, Kinder- und Jugendtheaterst\u00fccke der Landesb\u00fchnen oder anderen Theatern passend zum Lehrstoff auszusuchen und die Auff\u00fchrung sowie theaterp\u00e4dagogische Vor- und Nachbereitung zu organisieren!<\/p>\n<hr \/>\n<p><strong>Angebote f\u00fcr Kinderg\u00e4rten:<br \/>\n<\/strong>Einmal im Jahr bieten wir Metzinger Kinderg\u00e4rten ein Kinderst\u00fcck an, das meist im Kirchengemeindehaus der Evangelischen Kirchengemeinde der Martinskirche stattfindet.<\/p>\n<div id=\"1521716781\" class=\"dmRespRow\">\n<div id=\"1231236232\" class=\"dmRespColsWrapper\">\n<div id=\"1161861694\" class=\"dmRespCol small-12 medium-12 large-12\">\n<div id=\"1382038386\" class=\"dmNewParagraph\" data-dmtmpl=\"true\"><\/div>\n<\/div>\n<\/div>\n<\/div>\n<p><img loading=\"lazy\" decoding=\"async\" class=\"wp-image-31 size-medium aligncenter\" src=\"https:\/\/veranstaltungsring.de\/vw\/wp-content\/uploads\/2018\/09\/ksk-1-300x41.png\" alt=\"\" width=\"300\" height=\"41\" srcset=\"https:\/\/veranstaltungsring.de\/vw\/wp-content\/uploads\/2018\/09\/ksk-1-300x41.png 300w, https:\/\/veranstaltungsring.de\/vw\/wp-content\/uploads\/2018\/09\/ksk-1.png 400w\" sizes=\"auto, (max-width: 300px) 100vw, 300px\" \/><\/p>\n","protected":false},"excerpt":{"rendered":"<p>Angebote f\u00fcr Schulen: Kinder- und Jugendtheaterst\u00fccke passend zu Ihrem Lehrstoff. Theaterp\u00e4dagogische Vor- und Nachbereitung. Das VRM-B\u00fcro bietet an, gemeinsam mit[&#8230;]<\/p>\n","protected":false},"author":1,"featured_media":0,"parent":0,"menu_order":13,"comment_status":"closed","ping_status":"closed","template":"","meta":{"footnotes":""},"class_list":["post-69","page","type-page","status-publish","hentry"],"_links":{"self":[{"href":"https:\/\/veranstaltungsring.de\/vw\/wp-json\/wp\/v2\/pages\/69","targetHints":{"allow":["GET"]}}],"collection":[{"href":"https:\/\/veranstaltungsring.de\/vw\/wp-json\/wp\/v2\/pages"}],"about":[{"href":"https:\/\/veranstaltungsring.de\/vw\/wp-json\/wp\/v2\/types\/page"}],"author":[{"embeddable":true,"href":"https:\/\/veranstaltungsring.de\/vw\/wp-json\/wp\/v2\/users\/1"}],"replies":[{"embeddable":true,"href":"https:\/\/veranstaltungsring.de\/vw\/wp-json\/wp\/v2\/comments?post=69"}],"version-history":[{"count":17,"href":"https:\/\/veranstaltungsring.de\/vw\/wp-json\/wp\/v2\/pages\/69\/revisions"}],"predecessor-version":[{"id":2724,"href":"https:\/\/veranstaltungsring.de\/vw\/wp-json\/wp\/v2\/pages\/69\/revisions\/2724"}],"wp:attachment":[{"href":"https:\/\/veranstaltungsring.de\/vw\/wp-json\/wp\/v2\/media?parent=69"}],"curies":[{"name":"wp","href":"https:\/\/api.w.org\/{rel}","templated":true}]}}